{"version":"1.0","type":"rich","provider_name":"Attac France","provider_url":"https:\/\/france.attac.org","title":"Projection-d\u00e9bat organis\u00e9e par Attac Paris...","author_name":"Attac Paris 19-20","width":"600","height":"400","url":"https:\/\/france.attac.org\/agenda-v1\/article\/projection-debat-organisee-par-attac-paris","html":"\u003Ch4 class='title'\u003E\u003Ca href='https:\/\/france.attac.org\/agenda-v1\/article\/projection-debat-organisee-par-attac-paris'\u003EProjection-d\u00e9bat organis\u00e9e par Attac Paris...\u003C\/a\u003E\u003C\/h4\u003E\u003Cblockquote class='spip'\u003E\n\u003Cp\u003EProjection-d\u00e9bat organis\u00e9e par Attac Paris 19-20 http:\/\/attac-paris19-20.org\/ \n\u003Cbr class='autobr' \/\u003E\n\"Pot de th\u00e9 Pot de Fer\" \n\u003Cbr class='autobr' \/\u003E\nUn film de Claude Hirsch 2011, 70\u2019 \n\u003Cbr class='autobr' \/\u003E\n&#171;&nbsp;Les ouvriers de l\u2019usine Fralib de G\u00e9menos, groupe Unilever, sont en lutte contre la menace de fermeture pour d\u00e9localisation.  Ils parlent de leurs conditions de travail, de leur r\u00e9volte contre le patron et le capitalisme, de leur lutte pour continuer \u00e0 travailler ici, maintenant, collectivement, pour eux, pour leurs enfants. Ils s\u2019interrogent. Ils&nbsp;(\u2026)\u003C\/p\u003E\n\u003C\/blockquote\u003E\n"}