{"version":"1.0","type":"rich","provider_name":"Attac France","provider_url":"https:\/\/france.attac.org","title":"Pays basque, Rassemblement contre TAFTA","author_name":"Attac Pays-Basque","width":"600","height":"400","url":"https:\/\/france.attac.org\/agenda-v1\/article\/pays-basque-rassemblement-contre-tafta","html":"\u003Ch4 class='title'\u003E\u003Ca href='https:\/\/france.attac.org\/agenda-v1\/article\/pays-basque-rassemblement-contre-tafta'\u003EPays basque, Rassemblement contre TAFTA\u003C\/a\u003E\u003C\/h4\u003E\u003Cblockquote class='spip'\u003E\n\u003Cp\u003ECollectif Stop TAFTA Pays basque \/\/ Attac Pays basque \n\u003Cbr class='autobr' \/\u003E\nPour alerter nos concitoyens sur les dangers du projet de Grand march\u00e9 transatlantique (GMT ou TAFTA), et ses r\u00e9percussions sur la vie de tou-te-s, notre collectif appelle \u00e0 un grand rassemblement \n\u003Cbr class='autobr' \/\u003E\nSamedi 13&nbsp;septembre 2014, \u00e0 11 heures,\n\u003Cbr class='autobr' \/\u003E\ndevant la Chambre de commerce et d\u2019industrie\n\u003Cbr class='autobr' \/\u003E\n51 av All\u00e9es Marines, Bayonne\u003C\/p\u003E\n\u003C\/blockquote\u003E\n"}