{"version":"1.0","type":"rich","provider_name":"Attac France","provider_url":"https:\/\/france.attac.org","title":"Manifestation contre le ch\u00f4mage et la pr\u00e9carit\u00e9&nbsp;!","author_name":"Collectif","width":"600","height":"400","url":"https:\/\/france.attac.org\/agenda-v1\/article\/manifestation-contre-le-chomage-et-la-precarite","html":"\u003Ch4 class='title'\u003E\u003Ca href='https:\/\/france.attac.org\/agenda-v1\/article\/manifestation-contre-le-chomage-et-la-precarite'\u003EManifestation contre le ch\u00f4mage et la pr\u00e9carit\u00e9&nbsp;!\u003C\/a\u003E\u003C\/h4\u003E\u003Cblockquote class='spip'\u003E\u003Cp\u003ESamedi 6&nbsp;d\u00e9cembre 14h Rotonde de Stalingrad M&#176;Jaur\u00e8s\u003C\/p\u003E\n\u003Cp\u003ESi ce n\u2019est pas nous, alors qui&nbsp;? Si ce n\u2019est pas maintenant, alors quand&nbsp;?\u003Cbr class='autobr' \/\u003E\nLe samedi 6&nbsp;d\u00e9cembre 2014 aura lieu la 12\u003Csup class=\"typo_exposants\"\u003Ee\u003C\/sup\u003E \u00e9dition de la manifestation contre le\u003Cbr class='autobr' \/\u003E\nch\u00f4mage et la pr\u00e9carit\u00e9 et pour la justice sociale.\u003C\/p\u003E\u003C\/blockquote\u003E\n"}