{"version":"1.0","type":"rich","provider_name":"Attac France","provider_url":"https:\/\/france.attac.org","title":"Attac63, Stand et sayn\u00e8te th\u00e9\u00e2trale &#171;&nbsp;TAFTA&nbsp;&#187;","author_name":"Attac 63","width":"600","height":"400","url":"https:\/\/france.attac.org\/agenda-v1\/article\/attac63-stand-et-saynete-theatrale-tafta","html":"\u003Ch4 class='title'\u003E\u003Ca href='https:\/\/france.attac.org\/agenda-v1\/article\/attac63-stand-et-saynete-theatrale-tafta'\u003EAttac63, Stand et sayn\u00e8te th\u00e9\u00e2trale &#171;&nbsp;TAFTA&nbsp;&#187;\u003C\/a\u003E\u003C\/h4\u003E\u003Cblockquote class='spip'\u003E\n\u003Cp\u003EAttac63 participe au forum des associations de Clermont-Ferrand, dans un\n\u003Cbr class='autobr' \/\u003E\nespace d\u00e9di\u00e9 \u00e0 la Transition qui sera partag\u00e9 avec une vingtaine d\u2019autres\n\u003Cbr class='autobr' \/\u003E\nassociations. \n\u003Cbr class='autobr' \/\u003E\nAttac63 y joue notamment un sketch sur TAFTA. \n\u003Cbr class='autobr' \/\u003E\nLe samedi 20&nbsp;septembre, de 10 h \u00e0 18 h,\n\u003Cbr class='autobr' \/\u003E\nClermont-Ferrand, place de Jaude\u003C\/p\u003E\n\u003C\/blockquote\u003E\n"}