{"version":"1.0","type":"rich","provider_name":"Attac France","provider_url":"https:\/\/france.attac.org","title":"Attac - Pays d&#8217;Arles&nbsp;: journ\u00e9e des associations 2014","author_name":"Attac Pays D&#8217;arles","width":"600","height":"400","url":"https:\/\/france.attac.org\/agenda-v1\/article\/attac-pays-d-arles-journee-des-associations-2014","html":"\u003Ch4 class='title'\u003E\u003Ca href='https:\/\/france.attac.org\/agenda-v1\/article\/attac-pays-d-arles-journee-des-associations-2014'\u003EAttac - Pays d&#8217;Arles&nbsp;: journ\u00e9e des associations 2014\u003C\/a\u003E\u003C\/h4\u003E\u003Cblockquote class='spip'\u003E\n\u003Cp\u003EComme les ann\u00e9es pr\u00e9c\u00e9dentes, Attac - Pays d\u2019Arles aura une table devant le jardin d\u2019\u00e9t\u00e9 \u00e0 l\u2019occasion de la journ\u00e9e des associations 2014, le dimanche 21&nbsp;septembre. \n\u003Cbr class='autobr' \/\u003E\nVous pourrez y retrouver les adh\u00e9rents du comit\u00e9 local d\u2019Arles de 10h \u00e0 17h30 et toute la documentation TAFTA \/ TISA \/ CETA, ... \n\u003Cbr class='autobr' \/\u003E\nNous accueillerons cette ann\u00e9e \u00e9galement, le RESF (R\u00e9seau \u00c9ducation Sans Fronti\u00e8re) \n\u003Cbr class='autobr' \/\u003E\nNous esp\u00e9rons vous y retrouver nombreux&nbsp;!\u003C\/p\u003E\n\u003C\/blockquote\u003E\n"}