{"version":"1.0","type":"rich","provider_name":"Attac France","provider_url":"https:\/\/france.attac.org","title":"Attac Pays d&#8217;Aix fait sa rentr\u00e9e au &#171;&nbsp;3C&nbsp;&#187;","author_name":"Attac Pays D\u2019Aix","width":"600","height":"400","url":"https:\/\/france.attac.org\/agenda-v1\/article\/attac-pays-d-aix-fait-sa-rentree-au-3c","html":"\u003Ch4 class='title'\u003E\u003Ca href='https:\/\/france.attac.org\/agenda-v1\/article\/attac-pays-d-aix-fait-sa-rentree-au-3c'\u003EAttac Pays d&#8217;Aix fait sa rentr\u00e9e au &#171;&nbsp;3C&nbsp;&#187;\u003C\/a\u003E\u003C\/h4\u003E\u003Cblockquote class='spip'\u003E\n\u003Cp\u003EMardi  23&nbsp;septembre \u00e0 19h30                                                                           \n\u003Cbr class='autobr' \/\u003E\nAttac pays d\u2019Aix fait sa rentr\u00e9e au &#8220;3C&#8221; \n\u003Cbr class='autobr' \/\u003E\nhttp:\/\/local.attac.org\/13\/aix\/spip.php?article2073 \n\u003Cbr class='autobr' \/\u003E\nLe pourquoi, le comment&nbsp;? Tout ce que vous voulez savoir et plus sur Attac. \n\u003Cbr class='autobr' \/\u003E\nSes campagnes, son organisation, son calendrier, mais aussi vos suggestions et propositions autour d\u2019un buffet participatif. \n\u003Cbr class='autobr' \/\u003E\nAnciens adh\u00e9rents, nous comptons sur vous pour accueillir les adh\u00e9rents r\u00e9cents&nbsp;(\u2026)\u003C\/p\u003E\n\u003C\/blockquote\u003E\n"}