{"version":"1.0","type":"rich","provider_name":"Attac France","provider_url":"https:\/\/france.attac.org","title":"Attac Pays d&#8217;Aix - Collectif Climat au &#171;&nbsp;3C&nbsp;&#187;","author_name":"Attac Pays D\u2019Aix","width":"600","height":"400","url":"https:\/\/france.attac.org\/agenda-v1\/article\/attac-pays-d-aix-collectif-climat-au-3c","html":"\u003Ch4 class='title'\u003E\u003Ca href='https:\/\/france.attac.org\/agenda-v1\/article\/attac-pays-d-aix-collectif-climat-au-3c'\u003EAttac Pays d&#8217;Aix - Collectif Climat au &#171;&nbsp;3C&nbsp;&#187;\u003C\/a\u003E\u003C\/h4\u003E\u003Cblockquote class='spip'\u003E\n\u003Cp\u003EMercredi 08&nbsp;avril \u00e0 19h30 \n\u003Cbr class='autobr' \/\u003E\nLe collectif Climat Pays d\u2019Aix ouvre le d\u00e9bat  avec le collectif Stop TAFTA, le collectif SOS For\u00eats du Sud et le Collectif Vigilance Gardanne - Pays d\u2019Aix&nbsp;; \n\u003Cbr class='autobr' \/\u003E\nClimat ou TAFTA, il faut choisir. Question br\u00fblante&nbsp;! \n\u003Cbr class='autobr' \/\u003E\nLa preuve par E.ON et les gaz de Gardanne&nbsp;? \n\u003Cbr class='autobr' \/\u003E\nAu 3C*, 23 bd Carnot, Aix-en Provence Peut-on dire que le Trait\u00e9 Transatlantique (TAFTA) est une menace pour le Climat&nbsp;? La lib\u00e9ralisation accrue des \u00e9changes, en augmentant le volume des transports,&nbsp;(\u2026)\u003C\/p\u003E\n\u003C\/blockquote\u003E\n"}