{"version":"1.0","type":"rich","provider_name":"Attac France","provider_url":"https:\/\/france.attac.org","title":"Attac Is\u00e8re - Soir\u00e9e autour de la Gr\u00e8ce","author_name":"Attac Is\u00e8re","width":"600","height":"400","url":"https:\/\/france.attac.org\/agenda-v1\/article\/attac-isere-soiree-autour-de-la-grece","html":"\u003Ch4 class='title'\u003E\u003Ca href='https:\/\/france.attac.org\/agenda-v1\/article\/attac-isere-soiree-autour-de-la-grece'\u003EAttac Is\u00e8re - Soir\u00e9e autour de la Gr\u00e8ce\u003C\/a\u003E\u003C\/h4\u003E\u003Cblockquote class='spip'\u003E\n\u003Cp\u003ELes associations Attac 38 et CADTM-G  se posent des tas de questions sur la situation de la Gr\u00e8ce aujourd\u2019hui&nbsp;! \n\u003Cbr class='autobr' \/\u003E\nElles organisent donc \u00e0 ce sujet une rencontre-discussion-d\u00e9bat, bref un lieu o\u00f9 s\u2019informer et tenter de faire le point, voire envisager des actions de soutien \u00e0 venir \n\u003Cbr class='autobr' \/\u003E\nCatherine Sifakis, adh\u00e9rente d\u2019Attac 38, Grecque et \u00e9conomiste nous accompagnera tout au long de ces questionnements. \n\u003Cbr class='autobr' \/\u003E\nC\u2019est quand&nbsp;?&nbsp;: le lundi 23&nbsp;mars 2015 \u00e0 la  Maison des associations \u00e0 Grenoble \u00e0 19h \n\u003Cbr class='autobr' \/\u003E\nOn&nbsp;(\u2026)\u003C\/p\u003E\n\u003C\/blockquote\u003E\n"}