{"version":"1.0","type":"rich","provider_name":"Attac France","provider_url":"https:\/\/france.attac.org","title":"Attac Is\u00e8re, Sayn\u00e8te &#171;&nbsp;TAFTA, le grand march\u00e9&nbsp;&#187;","author_name":"Attac Is\u00e8re","width":"600","height":"400","url":"https:\/\/france.attac.org\/agenda-v1\/article\/attac-isere-saynete-tafta-le-grand-marche","html":"\u003Ch4 class='title'\u003E\u003Ca href='https:\/\/france.attac.org\/agenda-v1\/article\/attac-isere-saynete-tafta-le-grand-marche'\u003EAttac Is\u00e8re, Sayn\u00e8te &#171;&nbsp;TAFTA, le grand march\u00e9&nbsp;&#187;\u003C\/a\u003E\u003C\/h4\u003E\u003Cblockquote class='spip'\u003E\n\u003Cp\u003EAttac Is\u00e8re,\n\u003Cbr class='autobr' \/\u003E\ndans la cadre de la Journ\u00e9e de la transition citoyenne Sayn\u00e8te de 15 min &#171;&nbsp;TAFTA, le grand march\u00e9&nbsp;&#187; \n\u003Cbr class='autobr' \/\u003E\nSamedi 27&nbsp;septembre, de 14 h \u00e0 14 h 15\n\u003Cbr class='autobr' \/\u003E\nEybens, all\u00e9e du Gerbier\u003C\/p\u003E\n\u003C\/blockquote\u003E\n"}