{"version":"1.0","type":"rich","provider_name":"Attac France","provider_url":"https:\/\/france.attac.org","title":"Attac 92 Clamart, Journ\u00e9e de la transition citoyenne","author_name":"","width":"600","height":"400","url":"https:\/\/france.attac.org\/agenda-v1\/article\/attac-92-clamart-journee-de-la-transition-citoyenne","html":"\u003Ch4 class='title'\u003E\u003Ca href='https:\/\/france.attac.org\/agenda-v1\/article\/attac-92-clamart-journee-de-la-transition-citoyenne'\u003EAttac 92 Clamart, Journ\u00e9e de la transition citoyenne\u003C\/a\u003E\u003C\/h4\u003E\u003Cblockquote class='spip'\u003E\n\u003Cp\u003EAttac 92 Clamart \n\u003Cbr class='autobr' \/\u003E\nle samedi 1\u003Csup class=\"typo_exposants\"\u003Eer\u003C\/sup\u003E&nbsp;f\u00e9vrier de 14 h \u00e0 23 h au Centre Socio-Culturel du Pav\u00e9 Blanc, 44 route du pav\u00e9 Blanc, \u00e0 Clamart \n\u003Cbr class='autobr' \/\u003E\nUn autre monde est possible, Prenons en main notre avenir&nbsp;! \n\u003Cbr class='autobr' \/\u003E\nDes Expositions, des spectacles, des concerts de Rock et de Ra\u00ef, des contes, un buffet, des jeux, des d\u00e9bats, une zone de gratuit\u00e9&nbsp;! \n\u003Cbr class='autobr' \/\u003E\nEntr\u00e9e libre \/ Participation libre aux frais \n\u003Cbr class='autobr' \/\u003E\nJourn\u00e9e de mobilisation nationale de la transition citoyenne \n\u003Cbr class='autobr' \/\u003E\nDe 14h \u00e0 17h - Espace Forum Des expositions (sur les&nbsp;(\u2026)\u003C\/p\u003E\n\u003C\/blockquote\u003E\n"}