{"version":"1.0","type":"rich","provider_name":"Attac France","provider_url":"https:\/\/france.attac.org","title":"Attac 13 - Meeting Que Faire de l&#8217;Europe&nbsp;?","author_name":"Attac Marseille","width":"600","height":"400","url":"https:\/\/france.attac.org\/agenda-v1\/article\/attac-13-meeting-que-faire-de-l-europe","html":"\u003Ch4 class='title'\u003E\u003Ca href='https:\/\/france.attac.org\/agenda-v1\/article\/attac-13-meeting-que-faire-de-l-europe'\u003EAttac 13 - Meeting Que Faire de l&#8217;Europe&nbsp;?\u003C\/a\u003E\u003C\/h4\u003E\u003Cblockquote class='spip'\u003E\n\u003Cp\u003ELes Comit\u00e9s Attac des Bouches du Rh\u00f4ne organisent le Mercredi 14&nbsp;Mai de 18h00 \u00e0 22h00 une r\u00e9union publique sur le th\u00e8me&nbsp;: \n\u003Cbr class='autobr' \/\u003E\nQue Faire de l\u2019Europe&nbsp;? \n\u003Cbr class='autobr' \/\u003E\nAvec la participation de&nbsp;:   Thomas Coutrot, porte parole d\u2019Attac France Peter Wahl d\u2019Attac Allemagne Luis Bernardo d\u2019Attac Portugal  Genevi\u00e8ve Savigny, Conf\u00e9d\u00e9ration paysanne Paca et coordination europ\u00e9enne de Via Campesina \n\u003Cbr class='autobr' \/\u003E\nAccueil \u00e0 partir de 18h00 \n\u003Cbr class='autobr' \/\u003E\nBuvette et petite restauration \n\u003Cbr class='autobr' \/\u003E\nStand d\u2019Attac avec publications et informations. \n\u003Cbr class='autobr' \/\u003E\nTh\u00e9\u00e2tre&nbsp;(\u2026)\u003C\/p\u003E\n\u003C\/blockquote\u003E\n"}